{"id":2707,"date":"2021-01-25T15:03:55","date_gmt":"2021-01-25T14:03:55","guid":{"rendered":"https:\/\/www.gerlach-machinery.com\/?page_id=2707"},"modified":"2025-07-12T17:08:45","modified_gmt":"2025-07-12T15:08:45","slug":"mikrowellenmodul","status":"publish","type":"page","link":"https:\/\/www.gerlach-machinery.com\/de\/produkte\/mikrowellenkanaele\/mikrowellenmodul\/","title":{"rendered":"Stand-Alone Mikrowellenmodul"},"content":{"rendered":"<h1><strong>Stand-Alone Mikrowellenmodul<\/strong><\/h1>\n<p>Sie ben\u00f6tigen mehr Mikrowellenleistung f\u00fcr Ihren Vulkanisationsprozess oder planen, vorhandene Anlagen mit Mikrowellen nachzur\u00fcsten?<\/p>\n<p>Das neu entwickelte und autark funktionierende Mikrowellenmodul bietet Ihnen dazu die L\u00f6sung. Es kann in jede Gerlach Hei\u00dfluftanlage integriert werden und bietet damit eine schnelle und flexible Erweiterung Ihrer Bestandstechnik.<\/p>\n<p>Charakteristisch f\u00fcr das neue UHF-Modul ist die kompakte Bauweise sowie die v\u00f6llig autarke Energieversorgung und UHF-Bedienung. Somit kann das Modul als Labor- und Testeinrichtung eingesetzt werden oder in Neumaschinenkonfigurationen in gew\u00fcnschter Anzahl ber\u00fccksichtigt werden. Je nach Gesamtleistungsbedarf kann eine erforderliche Anzahl von UHF-Modulen verbaut und bedarfsgerecht innerhalb der Gesamtmaschine an der richtigen Position montiert werden.<\/p>\n<h2><strong>Wesentliche Maschinenmerkmale des UHF-Moduls<\/strong><\/h2>\n<ul>\n<li>kompakte und autarke Bauweise<\/li>\n<li>unabh\u00e4ngige Energieversorgung und Modulbedienung<\/li>\n<li>nachtr\u00e4gliche UHF-Erweiterung an Altmaschinen m\u00f6glich<\/li>\n<li>Anzahl der Module frei konfigurierbar<\/li>\n<li>als Labor- oder Serienmaschine einsetzbar<\/li>\n<\/ul>\n<p>&nbsp;<\/p>\n<p><img fetchpriority=\"high\" decoding=\"async\" class=\"alignnone wp-image-1830 \" src=\"https:\/\/www.gerlach-machinery.com\/wp-content\/uploads\/2019\/10\/modul-mikrowellentechnologie-erweiterung-ausbau-maschinenbau.jpg\" alt=\"Modul Mikrowellentechnologie Erweiterung Ausbau Maschinenbau\" width=\"367\" height=\"436\" srcset=\"https:\/\/www.gerlach-machinery.com\/wp-content\/uploads\/2019\/10\/modul-mikrowellentechnologie-erweiterung-ausbau-maschinenbau.jpg 726w, https:\/\/www.gerlach-machinery.com\/wp-content\/uploads\/2019\/10\/modul-mikrowellentechnologie-erweiterung-ausbau-maschinenbau-252x300.jpg 252w\" sizes=\"(max-width: 367px) 100vw, 367px\" \/><\/p>\n<p><a class=\"btn btn-default pull-left\" href=\"https:\/\/www.gerlach-machinery.com\/de\/anfrageportal\/?source=Stand-Alone-Mikrowellenmodul\" target=\"_blank\" rel=\"noopener\">Datenblatt anfordern<\/a><\/p>\n<p>&nbsp;<\/p>\n","protected":false},"excerpt":{"rendered":"<p>Stand-Alone Mikrowellenmodul Sie ben\u00f6tigen mehr Mikrowellenleistung f\u00fcr Ihren Vulkanisationsprozess oder planen, vorhandene Anlagen mit Mikrowellen nachzur\u00fcsten? Das neu entwickelte und autark funktionierende Mikrowellenmodul bietet Ihnen dazu die L\u00f6sung. Es kann in jede Gerlach Hei\u00dfluftanlage integriert werden und bietet damit eine schnelle und flexible Erweiterung Ihrer Bestandstechnik. Charakteristisch f\u00fcr das neue UHF-Modul ist die kompakte Bauweise [&hellip;]<\/p>\n","protected":false},"author":4,"featured_media":1835,"parent":439,"menu_order":108,"comment_status":"closed","ping_status":"closed","template":"tpl-produkt.php","meta":{"_acf_changed":false,"footnotes":""},"yst_prominent_words":[1036,557,272,260,259,285,74,643,580,490,265,434],"class_list":["post-2707","page","type-page","status-publish","has-post-thumbnail","hentry"],"acf":[],"_links":{"self":[{"href":"https:\/\/www.gerlach-machinery.com\/de\/wp-json\/wp\/v2\/pages\/2707","targetHints":{"allow":["GET"]}}],"collection":[{"href":"https:\/\/www.gerlach-machinery.com\/de\/wp-json\/wp\/v2\/pages"}],"about":[{"href":"https:\/\/www.gerlach-machinery.com\/de\/wp-json\/wp\/v2\/types\/page"}],"author":[{"embeddable":true,"href":"https:\/\/www.gerlach-machinery.com\/de\/wp-json\/wp\/v2\/users\/4"}],"replies":[{"embeddable":true,"href":"https:\/\/www.gerlach-machinery.com\/de\/wp-json\/wp\/v2\/comments?post=2707"}],"version-history":[{"count":5,"href":"https:\/\/www.gerlach-machinery.com\/de\/wp-json\/wp\/v2\/pages\/2707\/revisions"}],"predecessor-version":[{"id":4626,"href":"https:\/\/www.gerlach-machinery.com\/de\/wp-json\/wp\/v2\/pages\/2707\/revisions\/4626"}],"up":[{"embeddable":true,"href":"https:\/\/www.gerlach-machinery.com\/de\/wp-json\/wp\/v2\/pages\/439"}],"wp:featuredmedia":[{"embeddable":true,"href":"https:\/\/www.gerlach-machinery.com\/de\/wp-json\/wp\/v2\/media\/1835"}],"wp:attachment":[{"href":"https:\/\/www.gerlach-machinery.com\/de\/wp-json\/wp\/v2\/media?parent=2707"}],"wp:term":[{"taxonomy":"yst_prominent_words","embeddable":true,"href":"https:\/\/www.gerlach-machinery.com\/de\/wp-json\/wp\/v2\/yst_prominent_words?post=2707"}],"curies":[{"name":"wp","href":"https:\/\/api.w.org\/{rel}","templated":true}]}}